{"id":59,"date":"2018-04-10T14:12:39","date_gmt":"2018-04-10T14:12:39","guid":{"rendered":"http:\/\/localhost\/?page_id=59"},"modified":"2023-10-02T14:03:54","modified_gmt":"2023-10-02T17:03:54","slug":"autoridades","status":"publish","type":"page","link":"https:\/\/mpf.jusentrerios.gov.ar\/?page_id=59","title":{"rendered":"Autoridades"},"content":{"rendered":"<div id=\"main\">\n<div id=\"content\">\n<section>\n<div class=\"container\">\n<p><center><\/p>\n<h3>AUTORIDADES DEL MPF &#8211; PROVINCIA DE ENTRE R\u00cdOS<\/h3>\n<h3>PROCURADOR GENERAL<\/h3>\n<h3><\/h3>\n<h4>Dr. Jorge Amilcar Luciano Garc\u00eda<\/h4>\n<h4>Tel\u00e9fono:<\/h4>\n<h4>0343-4206126<\/h4>\n<h4>Secretaria: Dra. Mar\u00eda Elizabeth Bordin<\/h4>\n<p><\/center><\/div>\n<\/section>\n<section>\n<div class=\"container\"><center><\/p>\n<h3>PROCURADORES ADJUNTOS<\/h3>\n<h3><\/h3>\n<h4>Dr. Cesar Ariel Cesario<\/h4>\n<h4>Dra. M\u00f3nica Elizabeth Carmona<\/h4>\n<p><\/center><\/div>\n<\/section>\n<p><!-- #main --><\/p>\n<\/div>\n<\/div>\n","protected":false},"excerpt":{"rendered":"<div class=\"slide-text-bg2\"><span>AUTORIDADES DEL MPF &#8211; PROVINCIA DE ENTRE R\u00cdOS PROCURADOR GENERAL Dr. Jorge Amilcar Luciano Garc\u00eda Tel\u00e9fono: 0343-4206126 Secretaria: Dra. Mar\u00eda E<\/span><\/div>\n<div class=\"slide-btn-area-sm\"><a href=\"https:\/\/mpf.jusentrerios.gov.ar\/?page_id=59\" class=\"slide-btn-sm\">Leer m\u00e1s<\/a><\/div>\n","protected":false},"author":1,"featured_media":0,"parent":0,"menu_order":0,"comment_status":"closed","ping_status":"closed","template":"fullwidth.php","meta":[],"_links":{"self":[{"href":"https:\/\/mpf.jusentrerios.gov.ar\/index.php?rest_route=\/wp\/v2\/pages\/59"}],"collection":[{"href":"https:\/\/mpf.jusentrerios.gov.ar\/index.php?rest_route=\/wp\/v2\/pages"}],"about":[{"href":"https:\/\/mpf.jusentrerios.gov.ar\/index.php?rest_route=\/wp\/v2\/types\/page"}],"author":[{"embeddable":true,"href":"https:\/\/mpf.jusentrerios.gov.ar\/index.php?rest_route=\/wp\/v2\/users\/1"}],"replies":[{"embeddable":true,"href":"https:\/\/mpf.jusentrerios.gov.ar\/index.php?rest_route=%2Fwp%2Fv2%2Fcomments&post=59"}],"version-history":[{"count":6,"href":"https:\/\/mpf.jusentrerios.gov.ar\/index.php?rest_route=\/wp\/v2\/pages\/59\/revisions"}],"predecessor-version":[{"id":2694,"href":"https:\/\/mpf.jusentrerios.gov.ar\/index.php?rest_route=\/wp\/v2\/pages\/59\/revisions\/2694"}],"wp:attachment":[{"href":"https:\/\/mpf.jusentrerios.gov.ar\/index.php?rest_route=%2Fwp%2Fv2%2Fmedia&parent=59"}],"curies":[{"name":"wp","href":"https:\/\/api.w.org\/{rel}","templated":true}]}}